{"id":996307,"date":"2022-07-17T11:56:00","date_gmt":"2022-07-17T08:56:00","guid":{"rendered":"https:\/\/fmvb.ro\/mobilitati-si-burse\/"},"modified":"2024-11-21T15:08:40","modified_gmt":"2024-11-21T13:08:40","slug":"mobilites-erasmus-2022","status":"publish","type":"page","link":"https:\/\/fmvb.ro\/fr\/mobilites-erasmus-2022\/","title":{"rendered":"Mobilit\u00e9s Erasmus+ 2022"},"content":{"rendered":"\t\t<div data-elementor-type=\"wp-page\" data-elementor-id=\"996307\" class=\"elementor elementor-996307 elementor-988438\" data-elementor-post-type=\"page\">\n\t\t\t\t\t\t<section class=\"elementor-section elementor-top-section elementor-element elementor-element-d0353b2 elementor-section-boxed elementor-section-height-default elementor-section-height-default\" data-id=\"d0353b2\" data-element_type=\"section\" data-e-type=\"section\">\n\t\t\t\t\t\t<div class=\"elementor-container elementor-column-gap-default\">\n\t\t\t\t\t<div class=\"elementor-column elementor-col-100 elementor-top-column elementor-element elementor-element-3b8493a\" data-id=\"3b8493a\" data-element_type=\"column\" data-e-type=\"column\">\n\t\t\t<div class=\"elementor-widget-wrap\">\n\t\t\t\t\t\t\t<\/div>\n\t\t<\/div>\n\t\t\t\t\t<\/div>\n\t\t<\/section>\n\t\t\t\t<section class=\"elementor-section elementor-top-section elementor-element elementor-element-5830f5ad elementor-section-height-min-height elementor-section-boxed elementor-section-height-default elementor-section-items-middle\" data-id=\"5830f5ad\" data-element_type=\"section\" data-e-type=\"section\" data-settings=\"{&quot;background_background&quot;:&quot;classic&quot;,&quot;animation&quot;:&quot;none&quot;}\">\n\t\t\t\t\t\t<div class=\"elementor-container elementor-column-gap-default\">\n\t\t\t\t\t<div class=\"elementor-column elementor-col-100 elementor-top-column elementor-element elementor-element-787138ab\" data-id=\"787138ab\" data-element_type=\"column\" data-e-type=\"column\">\n\t\t\t<div class=\"elementor-widget-wrap\">\n\t\t\t\t\t\t\t<\/div>\n\t\t<\/div>\n\t\t\t\t\t<\/div>\n\t\t<\/section>\n\t\t\t\t<section class=\"elementor-section elementor-top-section elementor-element elementor-element-723301a9 elementor-section-boxed elementor-section-height-default elementor-section-height-default\" data-id=\"723301a9\" data-element_type=\"section\" data-e-type=\"section\" data-settings=\"{&quot;animation&quot;:&quot;none&quot;,&quot;animation_tablet&quot;:&quot;none&quot;,&quot;animation_mobile&quot;:&quot;none&quot;}\">\n\t\t\t\t\t\t<div class=\"elementor-container elementor-column-gap-no\">\n\t\t\t\t\t<div class=\"elementor-column elementor-col-50 elementor-top-column elementor-element elementor-element-702f95eb animated-fast elementor-invisible\" data-id=\"702f95eb\" data-element_type=\"column\" data-e-type=\"column\" data-settings=\"{&quot;background_background&quot;:&quot;classic&quot;,&quot;animation&quot;:&quot;fadeIn&quot;,&quot;animation_delay&quot;:100}\">\n\t\t\t<div class=\"elementor-widget-wrap elementor-element-populated\">\n\t\t\t\t\t\t<div class=\"elementor-element elementor-element-74bc2479 elementor-widget__width-auto elementor-widget-tablet__width-auto elementor-widget-mobile__width-inherit elementor-widget elementor-widget-heading\" data-id=\"74bc2479\" data-element_type=\"widget\" data-e-type=\"widget\" data-settings=\"{&quot;_animation&quot;:&quot;none&quot;,&quot;_animation_delay&quot;:200}\" data-widget_type=\"heading.heading_charityfy\">\n\t\t\t\t<div class=\"elementor-widget-container\">\n\t\t\t\t\t<h1 class=\"elementor-heading-title elementor-size-default\">Mobilit\u00e9s et Bourses<\/h1>\t\t\t\t<\/div>\n\t\t\t\t<\/div>\n\t\t\t\t<div class=\"elementor-element elementor-element-1e5e30d1 elementor-widget elementor-widget-text-editor\" data-id=\"1e5e30d1\" data-element_type=\"widget\" data-e-type=\"widget\" data-settings=\"{&quot;_animation&quot;:&quot;none&quot;,&quot;_animation_delay&quot;:300}\" data-widget_type=\"text-editor.default\">\n\t\t\t\t<div class=\"elementor-widget-container\">\n\t\t\t\t\t\t\t\t\t<p>ERASMUS+ change des vies, ouvre des voies, forge des caract\u00e8res, cr\u00e9e des souvenirs durables, et l\u2019USAMV vous soutient pour que vous puissiez atteindre votre plein potentiel.<\/p>\t\t\t\t\t\t\t\t<\/div>\n\t\t\t\t<\/div>\n\t\t\t\t\t<\/div>\n\t\t<\/div>\n\t\t\t\t<div class=\"elementor-column elementor-col-50 elementor-top-column elementor-element elementor-element-343788b7 elementor-hidden-desktop elementor-hidden-tablet elementor-hidden-phone\" data-id=\"343788b7\" data-element_type=\"column\" data-e-type=\"column\">\n\t\t\t<div class=\"elementor-widget-wrap\">\n\t\t\t\t\t\t\t<\/div>\n\t\t<\/div>\n\t\t\t\t\t<\/div>\n\t\t<\/section>\n\t\t\t\t<section class=\"elementor-section elementor-top-section elementor-element elementor-element-19ba584d elementor-section-content-middle elementor-section-boxed elementor-section-height-default elementor-section-height-default\" data-id=\"19ba584d\" data-element_type=\"section\" data-e-type=\"section\">\n\t\t\t\t\t\t<div class=\"elementor-container elementor-column-gap-no\">\n\t\t\t\t\t<div class=\"elementor-column elementor-col-50 elementor-top-column elementor-element elementor-element-d433efd\" data-id=\"d433efd\" data-element_type=\"column\" data-e-type=\"column\" data-settings=\"{&quot;animation&quot;:&quot;none&quot;,&quot;animation_tablet&quot;:&quot;none&quot;,&quot;animation_mobile&quot;:&quot;none&quot;,&quot;animation_delay&quot;:200}\">\n\t\t\t<div class=\"elementor-widget-wrap elementor-element-populated\">\n\t\t\t\t\t\t<div class=\"elementor-element elementor-element-d845f0b elementor-widget elementor-widget-heading\" data-id=\"d845f0b\" data-element_type=\"widget\" data-e-type=\"widget\" data-widget_type=\"heading.default\">\n\t\t\t\t<div class=\"elementor-widget-container\">\n\t\t\t\t\t<h4 class=\"elementor-heading-title elementor-size-default\">Bourses 2024 \u2013 2025<br>\n<\/h4>\t\t\t\t<\/div>\n\t\t\t\t<\/div>\n\t\t\t\t<div class=\"elementor-element elementor-element-1d493c2 elementor-widget elementor-widget-text-editor\" data-id=\"1d493c2\" data-element_type=\"widget\" data-e-type=\"widget\" data-widget_type=\"text-editor.default\">\n\t\t\t\t<div class=\"elementor-widget-container\">\n\t\t\t\t\t\t\t\t\t<ul><li><a href=\"https:\/\/fmvb.ro\/wp-content\/uploads\/2024\/11\/Propunere-bursa-Alin-Birtoiu.pdf\">Proposition d&#8217;octroi de la bourse &#8220;Ion Alin B\u00eer\u021boiu&#8221;<\/a><\/li><li><a href=\"https:\/\/fmvb.ro\/wp-content\/uploads\/2024\/11\/Propunere-bursa-performanta-Lider-MV.pdf\">Proposition d&#8217;octroi d&#8217;une bourse de performance Lider MV<\/a><\/li><li><a href=\"https:\/\/fmvb.ro\/wp-content\/uploads\/2024\/11\/Propunere-burse-performanta-sportiva.pdf\">Proposition d&#8217;octroi de bourses de performance sportive<\/a><\/li><li><a href=\"https:\/\/fmvb.ro\/wp-content\/uploads\/2024\/11\/Propuneri-bursa-performanta-I.pdf\">Proposition d&#8217;octroi de bourses de performance I<\/a><\/li><li><a href=\"https:\/\/fmvb.ro\/wp-content\/uploads\/2024\/11\/Propuneri-burse-de-performanta-II.pdf\">Proposition d&#8217;octroi de bourses de performance II<\/a><\/li><li><a href=\"https:\/\/fmvb.ro\/wp-content\/uploads\/2024\/11\/Propuneri-burse-performanta-II-an-I-MV-RO-sem.-I.pdf\">Proposition d&#8217;octroi de bourses de performance II pour l&#8217;A1 MV RO 1er semestre<\/a><\/li><li><a href=\"https:\/\/fmvb.ro\/wp-content\/uploads\/2024\/11\/Propuneri-burse-sociale-2024-2025.pdf\">Proposition d&#8217;octroi de bourses sociales 2024-2025<\/a><\/li><li><a href=\"https:\/\/fmvb.ro\/wp-content\/uploads\/2024\/11\/Tabel-studenti-neeligibili-bursa-sociala.pdf\">Tableau des \u00e9tudiants non \u00e9ligibles \u00e0 la bourse sociale<\/a><\/li><li><a href=\"https:\/\/fmvb.ro\/wp-content\/uploads\/2024\/11\/Proposals-performance-I.pdf\">Proposition d&#8217;octroi de bourses de performance I &#8211; mise \u00e0 jour<\/a><\/li><li><a href=\"https:\/\/fmvb.ro\/wp-content\/uploads\/2024\/11\/Proposals-performance-II.pdf\">Proposition d&#8217;octroi de bourses de performance II &#8211; mise \u00e0 jour<\/a><\/li><\/ul>\t\t\t\t\t\t\t\t<\/div>\n\t\t\t\t<\/div>\n\t\t\t\t\t<\/div>\n\t\t<\/div>\n\t\t\t\t<div class=\"elementor-column elementor-col-50 elementor-top-column elementor-element elementor-element-569c10dd\" data-id=\"569c10dd\" data-element_type=\"column\" data-e-type=\"column\">\n\t\t\t<div class=\"elementor-widget-wrap elementor-element-populated\">\n\t\t\t\t\t\t<div class=\"elementor-element elementor-element-5104ed19 elementor-widget elementor-widget-heading\" data-id=\"5104ed19\" data-element_type=\"widget\" data-e-type=\"widget\" data-settings=\"{&quot;_animation&quot;:&quot;none&quot;,&quot;_animation_tablet&quot;:&quot;none&quot;,&quot;_animation_delay&quot;:100}\" data-widget_type=\"heading.default\">\n\t\t\t\t<div class=\"elementor-widget-container\">\n\t\t\t\t\t<h2 class=\"elementor-heading-title elementor-size-default\">Mobilit\u00e9s Erasmus+ 2022 <\/h2>\t\t\t\t<\/div>\n\t\t\t\t<\/div>\n\t\t\t\t<div class=\"elementor-element elementor-element-23341211 elementor-widget elementor-widget-heading\" data-id=\"23341211\" data-element_type=\"widget\" data-e-type=\"widget\" data-widget_type=\"heading.default\">\n\t\t\t\t<div class=\"elementor-widget-container\">\n\t\t\t\t\t<h4 class=\"elementor-heading-title elementor-size-default\">ERASMUS+ est le programme de l\u2019UE qui vous soutient pour suivre une formation \u00e0 l\u2019international, \u00eatre reconnu comme un sp\u00e9cialiste de niveau europ\u00e9en dans votre domaine. <\/h4>\t\t\t\t<\/div>\n\t\t\t\t<\/div>\n\t\t\t\t<div class=\"elementor-element elementor-element-18f5d904 elementor-widget elementor-widget-text-editor\" data-id=\"18f5d904\" data-element_type=\"widget\" data-e-type=\"widget\" data-widget_type=\"text-editor.default\">\n\t\t\t\t<div class=\"elementor-widget-container\">\n\t\t\t\t\t\t\t\t\t<p>Erasmus+ est le programme de l\u2019Union europ\u00e9enne dans les domaines de l\u2019\u00e9ducation, de la formation professionnelle, de la jeunesse et du sport pour la p\u00e9riode 2021-2027\u00a0; il offre des opportunit\u00e9s de mobilit\u00e9 et de coop\u00e9ration pour tous les acteurs impliqu\u00e9s activement dans les domaines mentionn\u00e9s, que ce soit en tant que personnes ou en tant qu\u2019institutions\/organisations.<\/p><p>Le programme est un outil cl\u00e9 qui soutient la r\u00e9alisation des objectifs fix\u00e9s au niveau europ\u00e9en par l\u2019Espace europ\u00e9en de l\u2019\u00e9ducation, le Plan d\u2019action pour l\u2019\u00e9ducation num\u00e9rique (2021-2027), la Strat\u00e9gie de l\u2019UE pour la jeunesse, l\u2019Agenda pour les comp\u00e9tences en Europe et le Plan de travail de l\u2019Union europ\u00e9enne pour le sport.<\/p><p>L\u2019objectif g\u00e9n\u00e9ral du programme Erasmus+ est de soutenir le d\u00e9veloppement \u00e9ducatif, personnel et professionnel des personnes actives dans les domaines de l\u2019\u00e9ducation, de la formation professionnelle, de la jeunesse et du sport.<\/p><p>\u00a0<\/p><p>Types de projets\u00a0: Erasmus+ finance des projets de mobilit\u00e9 des personnes dans le but d\u2019apprentissage et des projets de coop\u00e9ration entre organisations et institutions. Le programme offre \u00e9galement un soutien \u00e0 la coop\u00e9ration dans le domaine des politiques au niveau de l\u2019UE.<\/p><p>Les priorit\u00e9s g\u00e9n\u00e9rales pour la p\u00e9riode 2021-2027 sont l\u2019inclusion et la diversit\u00e9, la transformation num\u00e9rique, l\u2019environnement et la lutte contre le changement climatique, et dans le cas du secteur de la jeunesse, la participation \u00e0 la vie d\u00e9mocratique.<\/p>\t\t\t\t\t\t\t\t<\/div>\n\t\t\t\t<\/div>\n\t\t\t\t<div class=\"elementor-element elementor-element-6524ed9f elementor-widget elementor-widget-heading\" data-id=\"6524ed9f\" data-element_type=\"widget\" data-e-type=\"widget\" data-widget_type=\"heading.default\">\n\t\t\t\t<div class=\"elementor-widget-container\">\n\t\t\t\t\t<h4 class=\"elementor-heading-title elementor-size-default\">Coordinateur<\/h4>\t\t\t\t<\/div>\n\t\t\t\t<\/div>\n\t\t\t\t<div class=\"elementor-element elementor-element-5edaeb0b elementor-widget elementor-widget-text-editor\" data-id=\"5edaeb0b\" data-element_type=\"widget\" data-e-type=\"widget\" data-widget_type=\"text-editor.default\">\n\t\t\t\t<div class=\"elementor-widget-container\">\n\t\t\t\t\t\t\t\t\t<p>Contactez le coordinateur Erasmus de la facult\u00e9 dans laquelle vous \u00eates inscrit.<\/p><ul><li><p>Facult\u00e9 de m\u00e9decine v\u00e9t\u00e9rinaire\u00a0: Prof. Dr. Emilia Ciobotaru P\u00eervu<\/p><\/li><li>ciobotaru.emilia@gmail.com<\/li><\/ul>\t\t\t\t\t\t\t\t<\/div>\n\t\t\t\t<\/div>\n\t\t\t\t<div class=\"elementor-element elementor-element-40b1585c vamtam-has-underline-anim elementor-widget elementor-widget-button\" data-id=\"40b1585c\" data-element_type=\"widget\" data-e-type=\"widget\" data-settings=\"{&quot;_animation&quot;:&quot;none&quot;,&quot;_animation_tablet&quot;:&quot;none&quot;,&quot;_animation_delay&quot;:200}\" data-widget_type=\"button.default\">\n\t\t\t\t<div class=\"elementor-widget-container\">\n\t\t\t\t\t\t\t\t\t<div class=\"elementor-button-wrapper\">\n\t\t\t\t\t<a class=\"elementor-button elementor-button-link elementor-size-sm\" href=\"https:\/\/www.usamv.ro\/index.php\/ro\/relatii-internationale\/mobilitati-erasmus\">\n\t\t\t\t\t\t<span class=\"elementor-button-content-wrapper\">\n\t\t\t\t\t\t\t\t\t<span class=\"elementor-button-text\">Obtenez tous les d\u00e9tails sur le projet Erasmus+<\/span>\n\t\t\t\t\t<\/span>\n\t\t\t\t\t<\/a>\n\t\t\t\t<\/div>\n\t\t\t\t\t\t\t\t<\/div>\n\t\t\t\t<\/div>\n\t\t\t\t<div class=\"elementor-element elementor-element-78648053 elementor-widget elementor-widget-image\" data-id=\"78648053\" data-element_type=\"widget\" data-e-type=\"widget\" data-settings=\"{&quot;motion_fx_motion_fx_scrolling&quot;:&quot;yes&quot;,&quot;motion_fx_scale_effect&quot;:&quot;yes&quot;,&quot;motion_fx_scale_speed&quot;:{&quot;unit&quot;:&quot;px&quot;,&quot;size&quot;:1,&quot;sizes&quot;:[]},&quot;motion_fx_scale_range&quot;:{&quot;unit&quot;:&quot;%&quot;,&quot;size&quot;:&quot;&quot;,&quot;sizes&quot;:{&quot;start&quot;:0,&quot;end&quot;:100}},&quot;motion_fx_devices&quot;:[&quot;desktop&quot;],&quot;motion_fx_scale_direction&quot;:&quot;out-in&quot;}\" data-widget_type=\"image.default\">\n\t\t\t\t<div class=\"elementor-widget-container\">\n\t\t\t\t\t\t\t\t\t<div class=\"elementor-image\">\n\t\t\t\t\t\t\t\t\t\t\t\t\t\t\t\t\t\t\t\t\t<img fetchpriority=\"high\" decoding=\"async\" width=\"616\" height=\"869\" src=\"https:\/\/fmvb.ro\/wp-content\/uploads\/2023\/02\/erasmus.jpg\" class=\"attachment-full size-full wp-image-995987\" alt=\"\" srcset=\"https:\/\/fmvb.ro\/wp-content\/uploads\/2023\/02\/erasmus.jpg 616w, https:\/\/fmvb.ro\/wp-content\/uploads\/2023\/02\/erasmus-213x300.jpg 213w\" sizes=\"(max-width: 616px) 100vw, 616px\" \/>\t\t\t\t\t\t\t\t\t\t\t\t\t\t\t\t\t\t\t\t\t\t\t\t<\/div>\n\t\t\t\t\t\t\t\t<\/div>\n\t\t\t\t<\/div>\n\t\t\t\t\t<\/div>\n\t\t<\/div>\n\t\t\t\t\t<\/div>\n\t\t<\/section>\n\t\t\t\t<section class=\"elementor-section elementor-top-section elementor-element elementor-element-4cacebad elementor-section-boxed elementor-section-height-default elementor-section-height-default\" data-id=\"4cacebad\" data-element_type=\"section\" data-e-type=\"section\" data-settings=\"{&quot;background_background&quot;:&quot;classic&quot;}\">\n\t\t\t\t\t\t<div class=\"elementor-container elementor-column-gap-default\">\n\t\t\t\t\t<div class=\"elementor-column elementor-col-50 elementor-top-column elementor-element elementor-element-22b50844\" data-id=\"22b50844\" data-element_type=\"column\" data-e-type=\"column\">\n\t\t\t<div class=\"elementor-widget-wrap elementor-element-populated\">\n\t\t\t\t\t\t<div class=\"elementor-element elementor-element-60039d47 elementor-widget elementor-widget-video\" data-id=\"60039d47\" data-element_type=\"widget\" data-e-type=\"widget\" data-settings=\"{&quot;youtube_url&quot;:&quot;https:\\\/\\\/www.youtube.com\\\/watch?v=3qBczfZ-uU4&quot;,&quot;video_type&quot;:&quot;youtube&quot;,&quot;controls&quot;:&quot;yes&quot;}\" data-widget_type=\"video.default\">\n\t\t\t\t<div class=\"elementor-widget-container\">\n\t\t\t\t\t\t\t<div class=\"elementor-wrapper elementor-open-inline\">\n\t\t\t<div class=\"elementor-video\"><\/div>\t\t<\/div>\n\t\t\t\t\t\t<\/div>\n\t\t\t\t<\/div>\n\t\t\t\t\t<\/div>\n\t\t<\/div>\n\t\t\t\t<div class=\"elementor-column elementor-col-50 elementor-top-column elementor-element elementor-element-110905bd\" data-id=\"110905bd\" data-element_type=\"column\" data-e-type=\"column\">\n\t\t\t<div class=\"elementor-widget-wrap elementor-element-populated\">\n\t\t\t\t\t\t<div class=\"elementor-element elementor-element-745ff8d7 elementor-widget elementor-widget-video\" data-id=\"745ff8d7\" data-element_type=\"widget\" data-e-type=\"widget\" data-settings=\"{&quot;youtube_url&quot;:&quot;https:\\\/\\\/www.youtube.com\\\/watch?v=njjHwrNd-Xw&quot;,&quot;video_type&quot;:&quot;youtube&quot;,&quot;controls&quot;:&quot;yes&quot;}\" data-widget_type=\"video.default\">\n\t\t\t\t<div class=\"elementor-widget-container\">\n\t\t\t\t\t\t\t<div class=\"elementor-wrapper elementor-open-inline\">\n\t\t\t<div class=\"elementor-video\"><\/div>\t\t<\/div>\n\t\t\t\t\t\t<\/div>\n\t\t\t\t<\/div>\n\t\t\t\t\t<\/div>\n\t\t<\/div>\n\t\t\t\t\t<\/div>\n\t\t<\/section>\n\t\t\t\t<section class=\"elementor-section elementor-top-section elementor-element elementor-element-69e52eb elementor-section-boxed elementor-section-height-default elementor-section-height-default\" data-id=\"69e52eb\" data-element_type=\"section\" data-e-type=\"section\">\n\t\t\t\t\t\t<div class=\"elementor-container elementor-column-gap-default\">\n\t\t\t\t\t<div class=\"elementor-column elementor-col-100 elementor-top-column elementor-element elementor-element-7763a27\" data-id=\"7763a27\" data-element_type=\"column\" data-e-type=\"column\">\n\t\t\t<div class=\"elementor-widget-wrap\">\n\t\t\t\t\t\t\t<\/div>\n\t\t<\/div>\n\t\t\t\t\t<\/div>\n\t\t<\/section>\n\t\t\t\t<\/div>\n\t\t","protected":false},"excerpt":{"rendered":"<p>Mobilit\u00e9s et Bourses ERASMUS+ change des vies, ouvre des voies, forge des caract\u00e8res, cr\u00e9e des souvenirs durables, et l\u2019USAMV vous soutient pour que vous puissiez atteindre votre plein potentiel. Bourses 2024 \u2013 2025 Proposition d&#8217;octroi de la bourse &#8220;Ion Alin B\u00eer\u021boiu&#8221; Proposition d&#8217;octroi d&#8217;une bourse de performance Lider MV Proposition d&#8217;octroi de bourses de performance&#8230;<\/p>\n","protected":false},"author":8,"featured_media":0,"parent":0,"menu_order":0,"comment_status":"closed","ping_status":"closed","template":"","meta":{"inline_featured_image":false,"footnotes":""},"class_list":["post-996307","page","type-page","status-publish","hentry"],"yoast_head":"<!-- This site is optimized with the Yoast SEO plugin v27.4 - https:\/\/yoast.com\/product\/yoast-seo-wordpress\/ -->\n<title>Mobilit\u00e9s Erasmus+ 2022 - Facultatea de Medicin\u0103 Veterinar\u0103 | USAMV Bucure\u015fti<\/title>\n<meta name=\"robots\" content=\"index, follow, max-snippet:-1, max-image-preview:large, max-video-preview:-1\" \/>\n<link rel=\"canonical\" href=\"https:\/\/fmvb.ro\/mobilitati-si-burse\/\" \/>\n<meta property=\"og:locale\" content=\"fr_FR\" \/>\n<meta property=\"og:type\" content=\"article\" \/>\n<meta property=\"og:title\" content=\"Mobilit\u00e9s Erasmus+ 2022 - Facultatea de Medicin\u0103 Veterinar\u0103 | USAMV Bucure\u015fti\" \/>\n<meta property=\"og:description\" content=\"Mobilit\u00e9s et Bourses ERASMUS+ change des vies, ouvre des voies, forge des caract\u00e8res, cr\u00e9e des souvenirs durables, et l\u2019USAMV vous soutient pour que vous puissiez atteindre votre plein potentiel. Bourses 2024 \u2013 2025 Proposition d&#8217;octroi de la bourse &#8220;Ion Alin B\u00eer\u021boiu&#8221; Proposition d&#8217;octroi d&#8217;une bourse de performance Lider MV Proposition d&#8217;octroi de bourses de performance...\" \/>\n<meta property=\"og:url\" content=\"https:\/\/fmvb.ro\/mobilitati-si-burse\/\" \/>\n<meta property=\"og:site_name\" content=\"Facultatea de Medicin\u0103 Veterinar\u0103 | USAMV Bucure\u015fti\" \/>\n<meta property=\"article:publisher\" content=\"https:\/\/www.facebook.com\/profile.php?id=100083306763586\" \/>\n<meta property=\"article:modified_time\" content=\"2024-11-21T13:08:40+00:00\" \/>\n<meta property=\"og:image\" content=\"https:\/\/fmvb.ro\/wp-content\/uploads\/2023\/02\/erasmus.jpg\" \/>\n\t<meta property=\"og:image:width\" content=\"616\" \/>\n\t<meta property=\"og:image:height\" content=\"869\" \/>\n\t<meta property=\"og:image:type\" content=\"image\/jpeg\" \/>\n<meta name=\"twitter:card\" content=\"summary_large_image\" \/>\n<meta name=\"twitter:label1\" content=\"Dur\u00e9e de lecture estim\u00e9e\" \/>\n\t<meta name=\"twitter:data1\" content=\"3 minutes\" \/>\n<script type=\"application\/ld+json\" class=\"yoast-schema-graph\">{\"@context\":\"https:\\\/\\\/schema.org\",\"@graph\":[{\"@type\":\"WebPage\",\"@id\":\"https:\\\/\\\/fmvb.ro\\\/mobilitati-si-burse\\\/\",\"url\":\"https:\\\/\\\/fmvb.ro\\\/mobilitati-si-burse\\\/\",\"name\":\"Mobilit\u00e9s Erasmus+ 2022 - Facultatea de Medicin\u0103 Veterinar\u0103 | USAMV Bucure\u015fti\",\"isPartOf\":{\"@id\":\"https:\\\/\\\/fmvb.ro\\\/#website\"},\"primaryImageOfPage\":{\"@id\":\"https:\\\/\\\/fmvb.ro\\\/mobilitati-si-burse\\\/#primaryimage\"},\"image\":{\"@id\":\"https:\\\/\\\/fmvb.ro\\\/mobilitati-si-burse\\\/#primaryimage\"},\"thumbnailUrl\":\"https:\\\/\\\/fmvb.ro\\\/wp-content\\\/uploads\\\/2023\\\/02\\\/erasmus.jpg\",\"datePublished\":\"2022-07-17T08:56:00+00:00\",\"dateModified\":\"2024-11-21T13:08:40+00:00\",\"breadcrumb\":{\"@id\":\"https:\\\/\\\/fmvb.ro\\\/mobilitati-si-burse\\\/#breadcrumb\"},\"inLanguage\":\"fr-FR\",\"potentialAction\":[{\"@type\":\"ReadAction\",\"target\":[\"https:\\\/\\\/fmvb.ro\\\/mobilitati-si-burse\\\/\"]}]},{\"@type\":\"ImageObject\",\"inLanguage\":\"fr-FR\",\"@id\":\"https:\\\/\\\/fmvb.ro\\\/mobilitati-si-burse\\\/#primaryimage\",\"url\":\"https:\\\/\\\/fmvb.ro\\\/wp-content\\\/uploads\\\/2023\\\/02\\\/erasmus.jpg\",\"contentUrl\":\"https:\\\/\\\/fmvb.ro\\\/wp-content\\\/uploads\\\/2023\\\/02\\\/erasmus.jpg\"},{\"@type\":\"BreadcrumbList\",\"@id\":\"https:\\\/\\\/fmvb.ro\\\/mobilitati-si-burse\\\/#breadcrumb\",\"itemListElement\":[{\"@type\":\"ListItem\",\"position\":1,\"name\":\"Prima pagin\u0103\",\"item\":\"https:\\\/\\\/fmvb.ro\\\/\"},{\"@type\":\"ListItem\",\"position\":2,\"name\":\"Mobilit\u00e9s Erasmus+ 2022\"}]},{\"@type\":\"WebSite\",\"@id\":\"https:\\\/\\\/fmvb.ro\\\/#website\",\"url\":\"https:\\\/\\\/fmvb.ro\\\/\",\"name\":\"Facultatea de Medicin\u0103 Veterinar\u0103 | USAMV Bucure\u015fti\",\"description\":\"\",\"publisher\":{\"@id\":\"https:\\\/\\\/fmvb.ro\\\/#organization\"},\"potentialAction\":[{\"@type\":\"SearchAction\",\"target\":{\"@type\":\"EntryPoint\",\"urlTemplate\":\"https:\\\/\\\/fmvb.ro\\\/?s={search_term_string}\"},\"query-input\":{\"@type\":\"PropertyValueSpecification\",\"valueRequired\":true,\"valueName\":\"search_term_string\"}}],\"inLanguage\":\"fr-FR\"},{\"@type\":\"Organization\",\"@id\":\"https:\\\/\\\/fmvb.ro\\\/#organization\",\"name\":\"Facultatea de Medicin\u0103 Veterinar\u0103 | USAMV Bucure\u015fti\",\"url\":\"https:\\\/\\\/fmvb.ro\\\/\",\"logo\":{\"@type\":\"ImageObject\",\"inLanguage\":\"fr-FR\",\"@id\":\"https:\\\/\\\/fmvb.ro\\\/#\\\/schema\\\/logo\\\/image\\\/\",\"url\":\"https:\\\/\\\/fmvb.ro\\\/wp-content\\\/uploads\\\/2022\\\/09\\\/logo-MV-corect.svg\",\"contentUrl\":\"https:\\\/\\\/fmvb.ro\\\/wp-content\\\/uploads\\\/2022\\\/09\\\/logo-MV-corect.svg\",\"width\":400,\"height\":100,\"caption\":\"Facultatea de Medicin\u0103 Veterinar\u0103 | USAMV Bucure\u015fti\"},\"image\":{\"@id\":\"https:\\\/\\\/fmvb.ro\\\/#\\\/schema\\\/logo\\\/image\\\/\"},\"sameAs\":[\"https:\\\/\\\/www.facebook.com\\\/profile.php?id=100083306763586\",\"https:\\\/\\\/www.instagram.com\\\/usamv_buc\\\/\",\"https:\\\/\\\/www.tiktok.com\\\/@usamvbucuresti\",\"https:\\\/\\\/www.linkedin.com\\\/school\\\/universitatea-de-tiine-agronomice-i-medicin-veterinar-din-bucureti\\\/\"]}]}<\/script>\n<!-- \/ Yoast SEO plugin. -->","yoast_head_json":{"title":"Mobilit\u00e9s Erasmus+ 2022 - Facultatea de Medicin\u0103 Veterinar\u0103 | USAMV Bucure\u015fti","robots":{"index":"index","follow":"follow","max-snippet":"max-snippet:-1","max-image-preview":"max-image-preview:large","max-video-preview":"max-video-preview:-1"},"canonical":"https:\/\/fmvb.ro\/mobilitati-si-burse\/","og_locale":"fr_FR","og_type":"article","og_title":"Mobilit\u00e9s Erasmus+ 2022 - Facultatea de Medicin\u0103 Veterinar\u0103 | USAMV Bucure\u015fti","og_description":"Mobilit\u00e9s et Bourses ERASMUS+ change des vies, ouvre des voies, forge des caract\u00e8res, cr\u00e9e des souvenirs durables, et l\u2019USAMV vous soutient pour que vous puissiez atteindre votre plein potentiel. Bourses 2024 \u2013 2025 Proposition d&#8217;octroi de la bourse &#8220;Ion Alin B\u00eer\u021boiu&#8221; Proposition d&#8217;octroi d&#8217;une bourse de performance Lider MV Proposition d&#8217;octroi de bourses de performance...","og_url":"https:\/\/fmvb.ro\/mobilitati-si-burse\/","og_site_name":"Facultatea de Medicin\u0103 Veterinar\u0103 | USAMV Bucure\u015fti","article_publisher":"https:\/\/www.facebook.com\/profile.php?id=100083306763586","article_modified_time":"2024-11-21T13:08:40+00:00","og_image":[{"width":616,"height":869,"url":"https:\/\/fmvb.ro\/wp-content\/uploads\/2023\/02\/erasmus.jpg","type":"image\/jpeg"}],"twitter_card":"summary_large_image","twitter_misc":{"Dur\u00e9e de lecture estim\u00e9e":"3 minutes"},"schema":{"@context":"https:\/\/schema.org","@graph":[{"@type":"WebPage","@id":"https:\/\/fmvb.ro\/mobilitati-si-burse\/","url":"https:\/\/fmvb.ro\/mobilitati-si-burse\/","name":"Mobilit\u00e9s Erasmus+ 2022 - Facultatea de Medicin\u0103 Veterinar\u0103 | USAMV Bucure\u015fti","isPartOf":{"@id":"https:\/\/fmvb.ro\/#website"},"primaryImageOfPage":{"@id":"https:\/\/fmvb.ro\/mobilitati-si-burse\/#primaryimage"},"image":{"@id":"https:\/\/fmvb.ro\/mobilitati-si-burse\/#primaryimage"},"thumbnailUrl":"https:\/\/fmvb.ro\/wp-content\/uploads\/2023\/02\/erasmus.jpg","datePublished":"2022-07-17T08:56:00+00:00","dateModified":"2024-11-21T13:08:40+00:00","breadcrumb":{"@id":"https:\/\/fmvb.ro\/mobilitati-si-burse\/#breadcrumb"},"inLanguage":"fr-FR","potentialAction":[{"@type":"ReadAction","target":["https:\/\/fmvb.ro\/mobilitati-si-burse\/"]}]},{"@type":"ImageObject","inLanguage":"fr-FR","@id":"https:\/\/fmvb.ro\/mobilitati-si-burse\/#primaryimage","url":"https:\/\/fmvb.ro\/wp-content\/uploads\/2023\/02\/erasmus.jpg","contentUrl":"https:\/\/fmvb.ro\/wp-content\/uploads\/2023\/02\/erasmus.jpg"},{"@type":"BreadcrumbList","@id":"https:\/\/fmvb.ro\/mobilitati-si-burse\/#breadcrumb","itemListElement":[{"@type":"ListItem","position":1,"name":"Prima pagin\u0103","item":"https:\/\/fmvb.ro\/"},{"@type":"ListItem","position":2,"name":"Mobilit\u00e9s Erasmus+ 2022"}]},{"@type":"WebSite","@id":"https:\/\/fmvb.ro\/#website","url":"https:\/\/fmvb.ro\/","name":"Facultatea de Medicin\u0103 Veterinar\u0103 | USAMV Bucure\u015fti","description":"","publisher":{"@id":"https:\/\/fmvb.ro\/#organization"},"potentialAction":[{"@type":"SearchAction","target":{"@type":"EntryPoint","urlTemplate":"https:\/\/fmvb.ro\/?s={search_term_string}"},"query-input":{"@type":"PropertyValueSpecification","valueRequired":true,"valueName":"search_term_string"}}],"inLanguage":"fr-FR"},{"@type":"Organization","@id":"https:\/\/fmvb.ro\/#organization","name":"Facultatea de Medicin\u0103 Veterinar\u0103 | USAMV Bucure\u015fti","url":"https:\/\/fmvb.ro\/","logo":{"@type":"ImageObject","inLanguage":"fr-FR","@id":"https:\/\/fmvb.ro\/#\/schema\/logo\/image\/","url":"https:\/\/fmvb.ro\/wp-content\/uploads\/2022\/09\/logo-MV-corect.svg","contentUrl":"https:\/\/fmvb.ro\/wp-content\/uploads\/2022\/09\/logo-MV-corect.svg","width":400,"height":100,"caption":"Facultatea de Medicin\u0103 Veterinar\u0103 | USAMV Bucure\u015fti"},"image":{"@id":"https:\/\/fmvb.ro\/#\/schema\/logo\/image\/"},"sameAs":["https:\/\/www.facebook.com\/profile.php?id=100083306763586","https:\/\/www.instagram.com\/usamv_buc\/","https:\/\/www.tiktok.com\/@usamvbucuresti","https:\/\/www.linkedin.com\/school\/universitatea-de-tiine-agronomice-i-medicin-veterinar-din-bucureti\/"]}]}},"_links":{"self":[{"href":"https:\/\/fmvb.ro\/fr\/wp-json\/wp\/v2\/pages\/996307","targetHints":{"allow":["GET"]}}],"collection":[{"href":"https:\/\/fmvb.ro\/fr\/wp-json\/wp\/v2\/pages"}],"about":[{"href":"https:\/\/fmvb.ro\/fr\/wp-json\/wp\/v2\/types\/page"}],"author":[{"embeddable":true,"href":"https:\/\/fmvb.ro\/fr\/wp-json\/wp\/v2\/users\/8"}],"replies":[{"embeddable":true,"href":"https:\/\/fmvb.ro\/fr\/wp-json\/wp\/v2\/comments?post=996307"}],"version-history":[{"count":0,"href":"https:\/\/fmvb.ro\/fr\/wp-json\/wp\/v2\/pages\/996307\/revisions"}],"wp:attachment":[{"href":"https:\/\/fmvb.ro\/fr\/wp-json\/wp\/v2\/media?parent=996307"}],"curies":[{"name":"wp","href":"https:\/\/api.w.org\/{rel}","templated":true}]}}